{"id":1612,"date":"2023-03-06T15:28:53","date_gmt":"2023-03-06T14:28:53","guid":{"rendered":"https:\/\/www.lehrmittelverlag.ch\/cms\/?page_id=1612"},"modified":"2024-03-07T13:29:17","modified_gmt":"2024-03-07T12:29:17","slug":"interview-a-barlocher","status":"publish","type":"page","link":"https:\/\/www.lehrmittelverlag.ch\/cms\/newsletter\/interview-a-barlocher\/","title":{"rendered":"Interview Andr\u00e9 B\u00e4rlocher"},"content":{"rendered":"","protected":false},"excerpt":{"rendered":"","protected":false},"author":3,"featured_media":0,"parent":243,"menu_order":6,"comment_status":"closed","ping_status":"closed","template":"","meta":{"_acf_changed":false,"inline_featured_image":false,"footnotes":""},"class_list":["post-1612","page","type-page","status-publish","hentry"],"acf":{"inhaltselemente":[{"acf_fc_layout":"two_cols","two_cols_flex_content_col_one":[{"acf_fc_layout":"text_element","text_element_":null,"text_element_text_element_titel":"Vorstellung unseres neuesten Teammitglieds\u00a0","text_element_text_element_titel_typ":"2","text_element_text_element_titel_size":"5","text_element_text_element_titel_fake":false,"text_element_text_element_content":"Andr\u00e9 B\u00e4rlocher startete im Februar 2023 als Projektleiter Lernmedienentwicklung beim Lehrmittelverlag St.Gallen und gibt uns einen Einblick in seine neuen Aufgaben.\r\n\r\n<img class=\" wp-image-1706\" src=\"https:\/\/www.lehrmittelverlag.ch\/cms\/wp-content\/uploads\/2023\/03\/Andre-Baerlocher-1-300x224.jpg\" alt=\"Andr\u00e9 B\u00e4rlocher\" width=\"295\" height=\"221\" \/>\r\n\r\n<strong>Wer bist du?\r\n<\/strong>Mein Name ist Andr\u00e9 B\u00e4rlocher und ich bin neu Projektleiter Lernmedienentwickler. Fr\u00fcher (und auch heute in einem Teilpensum) unterrichtete ich an der Oberstufe. Meine Motivation f\u00fcr den Lehrberuf wie auch f\u00fcr die Entwicklung von Lernmedien ist dieselbe: Ich m\u00f6chte die Schule zum bestm\u00f6glichen Ort machen. Im Kleinen, also in meiner Klasse, ist mir das bereits gut gelungen, vielleicht kann ich in meiner neuen Funktion auch anderen Lehrpersonen und somit den Lernenden den Schulalltag verbessern.\r\n\r\n<strong>Beschreibe dich in in f\u00fcnf Worten \u2026\r\n<\/strong>Idealist, kreativ, exzentrisch, umsetzen und tr\u00e4umen\r\n\r\n<strong>Wie bist du gestartet?\r\n<\/strong>Sehr gut! Obwohl extrem viel Unbekanntes auf mich zukam und noch zukommen wird, wurde ich schon sehr gut vom Team aufgefangen, eingearbeitet und unterst\u00fctzt. Die Arbeiten bisher sind f\u00fcr mich sehr spannend, da ich gerne Neues lerne und erforsche (aktuell arbeite ich mich in Textiles Gestalten ein und bin beeindruckt, wie sich das seit meiner Schulzeit ver\u00e4ndert hat). Auch die bisherigen Meetings und Workshops mit Fachleuten waren eindr\u00fccklich und bereichernd, da freue ich mich auf mehr!\r\n\r\n<strong>Worauf freust du dich am meisten und was wird die gr\u00f6sste Herausforderung sein?\r\n<\/strong>Ich denke, ein Meilenstein wird das erste fertige Lehrmittel sein. Was f\u00fcr andere vielleicht nur ein Lehrmittel ist, w\u00e4re f\u00fcr mich eine Reise und eine Entwicklung mit Zusammenarbeit und Austausch, Forschen und Gr\u00fcbeln, Design und Layout und so weiter; es w\u00e4re also ein Memento.\r\n\r\nDie gr\u00f6sste Herausforderung wird f\u00fcr mich das Jonglieren aller Aufgaben und Termine sein, weswegen mein Kalender mein roter Faden sein wird, der mich durch das Labyrinth von Aufgaben und Meetings f\u00fchren soll.\r\n\r\n<strong>Wenn du nur einen Wunsch frei h\u00e4ttest \u2026\r\n<\/strong>\u2026 w\u00fcrde ich die Neuerungen und Entwicklungen im Schulwesen beschleunigen. Wir haben in den letzten Jahrzehnten so viel \u00fcber Unterricht und Lernen herausgefunden, dass wir den Unterrichtsalltag in vielerlei Hinsicht verbessern k\u00f6nnten. Und das braucht leider seine Zeit von der Idee, zum Konzept, zum Beschluss, zur Umsetzung und zum Alltag.\r\n\r\n&nbsp;\r\n\r\n<strong>Danke dir f\u00fcr deine Zeit und weiterhin viel Freude bei deiner t\u00e4glichen Arbeit!\u00a0<\/strong>\r\n\r\n&nbsp;","text_element_text_element_text_size":"default"}],"two_cols_flex_content_col_two":null,"two_cols_bgcolor":false,"two_cols_spaltenbreite":"two-third-one-third"}]},"yoast_head":"<!-- This site is optimized with the Yoast SEO plugin v27.4 - https:\/\/yoast.com\/product\/yoast-seo-wordpress\/ -->\n<title>Interview Andr\u00e9 B\u00e4rlocher - Lehrmittelverlag St. Gallen<\/title>\n<meta name=\"description\" content=\"Mit kompetenzorientierten Lernaufgaben und Augmented Reality regt das neue St.Gallerland zum Erforschen und Entdecken des Heimatkantons an.\" \/>\n<meta name=\"robots\" content=\"index, follow, max-snippet:-1, max-image-preview:large, max-video-preview:-1\" \/>\n<link rel=\"canonical\" href=\"https:\/\/www.lehrmittelverlag.ch\/cms\/newsletter\/interview-a-barlocher\/\" \/>\n<meta property=\"og:locale\" content=\"de_DE\" \/>\n<meta property=\"og:type\" content=\"article\" \/>\n<meta property=\"og:title\" content=\"Interview Andr\u00e9 B\u00e4rlocher - Lehrmittelverlag St. Gallen\" \/>\n<meta property=\"og:description\" content=\"Mit kompetenzorientierten Lernaufgaben und Augmented Reality regt das neue St.Gallerland zum Erforschen und Entdecken des Heimatkantons an.\" \/>\n<meta property=\"og:url\" content=\"https:\/\/www.lehrmittelverlag.ch\/cms\/newsletter\/interview-a-barlocher\/\" \/>\n<meta property=\"og:site_name\" content=\"Lehrmittelverlag St. Gallen\" \/>\n<meta property=\"article:publisher\" content=\"https:\/\/www.facebook.com\/LehrmittelverlagSG\/\" \/>\n<meta property=\"article:modified_time\" content=\"2024-03-07T12:29:17+00:00\" \/>\n<meta property=\"og:image\" content=\"https:\/\/www.lehrmittelverlag.ch\/cms\/wp-content\/uploads\/2022\/11\/og-image-lmvsg.png\" \/>\n\t<meta property=\"og:image:width\" content=\"1200\" \/>\n\t<meta property=\"og:image:height\" content=\"630\" \/>\n\t<meta property=\"og:image:type\" content=\"image\/png\" \/>\n<meta name=\"twitter:card\" content=\"summary_large_image\" \/>\n<meta name=\"twitter:site\" content=\"@Lehrmittel_SG\" \/>\n<script type=\"application\/ld+json\" class=\"yoast-schema-graph\">{\"@context\":\"https:\\\/\\\/schema.org\",\"@graph\":[{\"@type\":\"WebPage\",\"@id\":\"https:\\\/\\\/www.lehrmittelverlag.ch\\\/cms\\\/newsletter\\\/interview-a-barlocher\\\/\",\"url\":\"https:\\\/\\\/www.lehrmittelverlag.ch\\\/cms\\\/newsletter\\\/interview-a-barlocher\\\/\",\"name\":\"Interview Andr\u00e9 B\u00e4rlocher - Lehrmittelverlag St. Gallen\",\"isPartOf\":{\"@id\":\"https:\\\/\\\/www.lehrmittelverlag.ch\\\/cms\\\/#website\"},\"datePublished\":\"2023-03-06T14:28:53+00:00\",\"dateModified\":\"2024-03-07T12:29:17+00:00\",\"description\":\"Mit kompetenzorientierten Lernaufgaben und Augmented Reality regt das neue St.Gallerland zum Erforschen und Entdecken des Heimatkantons an.\",\"breadcrumb\":{\"@id\":\"https:\\\/\\\/www.lehrmittelverlag.ch\\\/cms\\\/newsletter\\\/interview-a-barlocher\\\/#breadcrumb\"},\"inLanguage\":\"de-CH\",\"potentialAction\":[{\"@type\":\"ReadAction\",\"target\":[\"https:\\\/\\\/www.lehrmittelverlag.ch\\\/cms\\\/newsletter\\\/interview-a-barlocher\\\/\"]}]},{\"@type\":\"BreadcrumbList\",\"@id\":\"https:\\\/\\\/www.lehrmittelverlag.ch\\\/cms\\\/newsletter\\\/interview-a-barlocher\\\/#breadcrumb\",\"itemListElement\":[{\"@type\":\"ListItem\",\"position\":1,\"name\":\"Shop\",\"item\":\"\\\/\"},{\"@type\":\"ListItem\",\"position\":2,\"name\":\"Newsletter\",\"item\":\"https:\\\/\\\/www.lehrmittelverlag.ch\\\/cms\\\/newsletter\\\/\"},{\"@type\":\"ListItem\",\"position\":3,\"name\":\"Interview Andr\u00e9 B\u00e4rlocher\"}]},{\"@type\":\"WebSite\",\"@id\":\"https:\\\/\\\/www.lehrmittelverlag.ch\\\/cms\\\/#website\",\"url\":\"https:\\\/\\\/www.lehrmittelverlag.ch\\\/cms\\\/\",\"name\":\"Lehrmittelverlag St. Gallen\",\"description\":\"\",\"publisher\":{\"@id\":\"https:\\\/\\\/www.lehrmittelverlag.ch\\\/cms\\\/#organization\"},\"potentialAction\":[{\"@type\":\"SearchAction\",\"target\":{\"@type\":\"EntryPoint\",\"urlTemplate\":\"https:\\\/\\\/www.lehrmittelverlag.ch\\\/cms\\\/?s={search_term_string}\"},\"query-input\":{\"@type\":\"PropertyValueSpecification\",\"valueRequired\":true,\"valueName\":\"search_term_string\"}}],\"inLanguage\":\"de-CH\"},{\"@type\":\"Organization\",\"@id\":\"https:\\\/\\\/www.lehrmittelverlag.ch\\\/cms\\\/#organization\",\"name\":\"Lehrmittelverlag St. Gallen\",\"url\":\"https:\\\/\\\/www.lehrmittelverlag.ch\\\/cms\\\/\",\"logo\":{\"@type\":\"ImageObject\",\"inLanguage\":\"de-CH\",\"@id\":\"https:\\\/\\\/www.lehrmittelverlag.ch\\\/cms\\\/#\\\/schema\\\/logo\\\/image\\\/\",\"url\":\"https:\\\/\\\/www.lehrmittelverlag.ch\\\/cms\\\/wp-content\\\/uploads\\\/2022\\\/11\\\/logo-lmvsg.png\",\"contentUrl\":\"https:\\\/\\\/www.lehrmittelverlag.ch\\\/cms\\\/wp-content\\\/uploads\\\/2022\\\/11\\\/logo-lmvsg.png\",\"width\":899,\"height\":349,\"caption\":\"Lehrmittelverlag St. Gallen\"},\"image\":{\"@id\":\"https:\\\/\\\/www.lehrmittelverlag.ch\\\/cms\\\/#\\\/schema\\\/logo\\\/image\\\/\"},\"sameAs\":[\"https:\\\/\\\/www.facebook.com\\\/LehrmittelverlagSG\\\/\",\"https:\\\/\\\/x.com\\\/Lehrmittel_SG\"]}]}<\/script>\n<!-- \/ Yoast SEO plugin. -->","yoast_head_json":{"title":"Interview Andr\u00e9 B\u00e4rlocher - Lehrmittelverlag St. Gallen","description":"Mit kompetenzorientierten Lernaufgaben und Augmented Reality regt das neue St.Gallerland zum Erforschen und Entdecken des Heimatkantons an.","robots":{"index":"index","follow":"follow","max-snippet":"max-snippet:-1","max-image-preview":"max-image-preview:large","max-video-preview":"max-video-preview:-1"},"canonical":"https:\/\/www.lehrmittelverlag.ch\/cms\/newsletter\/interview-a-barlocher\/","og_locale":"de_DE","og_type":"article","og_title":"Interview Andr\u00e9 B\u00e4rlocher - Lehrmittelverlag St. Gallen","og_description":"Mit kompetenzorientierten Lernaufgaben und Augmented Reality regt das neue St.Gallerland zum Erforschen und Entdecken des Heimatkantons an.","og_url":"https:\/\/www.lehrmittelverlag.ch\/cms\/newsletter\/interview-a-barlocher\/","og_site_name":"Lehrmittelverlag St. Gallen","article_publisher":"https:\/\/www.facebook.com\/LehrmittelverlagSG\/","article_modified_time":"2024-03-07T12:29:17+00:00","og_image":[{"width":1200,"height":630,"url":"https:\/\/www.lehrmittelverlag.ch\/cms\/wp-content\/uploads\/2022\/11\/og-image-lmvsg.png","type":"image\/png"}],"twitter_card":"summary_large_image","twitter_site":"@Lehrmittel_SG","schema":{"@context":"https:\/\/schema.org","@graph":[{"@type":"WebPage","@id":"https:\/\/www.lehrmittelverlag.ch\/cms\/newsletter\/interview-a-barlocher\/","url":"https:\/\/www.lehrmittelverlag.ch\/cms\/newsletter\/interview-a-barlocher\/","name":"Interview Andr\u00e9 B\u00e4rlocher - Lehrmittelverlag St. Gallen","isPartOf":{"@id":"https:\/\/www.lehrmittelverlag.ch\/cms\/#website"},"datePublished":"2023-03-06T14:28:53+00:00","dateModified":"2024-03-07T12:29:17+00:00","description":"Mit kompetenzorientierten Lernaufgaben und Augmented Reality regt das neue St.Gallerland zum Erforschen und Entdecken des Heimatkantons an.","breadcrumb":{"@id":"https:\/\/www.lehrmittelverlag.ch\/cms\/newsletter\/interview-a-barlocher\/#breadcrumb"},"inLanguage":"de-CH","potentialAction":[{"@type":"ReadAction","target":["https:\/\/www.lehrmittelverlag.ch\/cms\/newsletter\/interview-a-barlocher\/"]}]},{"@type":"BreadcrumbList","@id":"https:\/\/www.lehrmittelverlag.ch\/cms\/newsletter\/interview-a-barlocher\/#breadcrumb","itemListElement":[{"@type":"ListItem","position":1,"name":"Shop","item":"\/"},{"@type":"ListItem","position":2,"name":"Newsletter","item":"https:\/\/www.lehrmittelverlag.ch\/cms\/newsletter\/"},{"@type":"ListItem","position":3,"name":"Interview Andr\u00e9 B\u00e4rlocher"}]},{"@type":"WebSite","@id":"https:\/\/www.lehrmittelverlag.ch\/cms\/#website","url":"https:\/\/www.lehrmittelverlag.ch\/cms\/","name":"Lehrmittelverlag St. Gallen","description":"","publisher":{"@id":"https:\/\/www.lehrmittelverlag.ch\/cms\/#organization"},"potentialAction":[{"@type":"SearchAction","target":{"@type":"EntryPoint","urlTemplate":"https:\/\/www.lehrmittelverlag.ch\/cms\/?s={search_term_string}"},"query-input":{"@type":"PropertyValueSpecification","valueRequired":true,"valueName":"search_term_string"}}],"inLanguage":"de-CH"},{"@type":"Organization","@id":"https:\/\/www.lehrmittelverlag.ch\/cms\/#organization","name":"Lehrmittelverlag St. Gallen","url":"https:\/\/www.lehrmittelverlag.ch\/cms\/","logo":{"@type":"ImageObject","inLanguage":"de-CH","@id":"https:\/\/www.lehrmittelverlag.ch\/cms\/#\/schema\/logo\/image\/","url":"https:\/\/www.lehrmittelverlag.ch\/cms\/wp-content\/uploads\/2022\/11\/logo-lmvsg.png","contentUrl":"https:\/\/www.lehrmittelverlag.ch\/cms\/wp-content\/uploads\/2022\/11\/logo-lmvsg.png","width":899,"height":349,"caption":"Lehrmittelverlag St. Gallen"},"image":{"@id":"https:\/\/www.lehrmittelverlag.ch\/cms\/#\/schema\/logo\/image\/"},"sameAs":["https:\/\/www.facebook.com\/LehrmittelverlagSG\/","https:\/\/x.com\/Lehrmittel_SG"]}]}},"_links":{"self":[{"href":"https:\/\/www.lehrmittelverlag.ch\/cms\/wp-json\/wp\/v2\/pages\/1612","targetHints":{"allow":["GET"]}}],"collection":[{"href":"https:\/\/www.lehrmittelverlag.ch\/cms\/wp-json\/wp\/v2\/pages"}],"about":[{"href":"https:\/\/www.lehrmittelverlag.ch\/cms\/wp-json\/wp\/v2\/types\/page"}],"author":[{"embeddable":true,"href":"https:\/\/www.lehrmittelverlag.ch\/cms\/wp-json\/wp\/v2\/users\/3"}],"replies":[{"embeddable":true,"href":"https:\/\/www.lehrmittelverlag.ch\/cms\/wp-json\/wp\/v2\/comments?post=1612"}],"version-history":[{"count":23,"href":"https:\/\/www.lehrmittelverlag.ch\/cms\/wp-json\/wp\/v2\/pages\/1612\/revisions"}],"predecessor-version":[{"id":1907,"href":"https:\/\/www.lehrmittelverlag.ch\/cms\/wp-json\/wp\/v2\/pages\/1612\/revisions\/1907"}],"up":[{"embeddable":true,"href":"https:\/\/www.lehrmittelverlag.ch\/cms\/wp-json\/wp\/v2\/pages\/243"}],"wp:attachment":[{"href":"https:\/\/www.lehrmittelverlag.ch\/cms\/wp-json\/wp\/v2\/media?parent=1612"}],"curies":[{"name":"wp","href":"https:\/\/api.w.org\/{rel}","templated":true}]}}