{"id":3259,"date":"2024-05-13T14:54:00","date_gmt":"2024-05-13T12:54:00","guid":{"rendered":"https:\/\/www.lehrmittelverlag.ch\/cms\/?page_id=3259"},"modified":"2024-05-15T11:52:08","modified_gmt":"2024-05-15T09:52:08","slug":"interview-zum-neuen-bilder-suchbuch","status":"publish","type":"page","link":"https:\/\/www.lehrmittelverlag.ch\/cms\/newsletter\/interview-zum-neuen-bilder-suchbuch\/","title":{"rendered":"Interview zum neuen Bilder-Suchbuch"},"content":{"rendered":"","protected":false},"excerpt":{"rendered":"","protected":false},"author":4,"featured_media":0,"parent":243,"menu_order":6,"comment_status":"closed","ping_status":"closed","template":"","meta":{"_acf_changed":false,"inline_featured_image":false,"footnotes":""},"class_list":["post-3259","page","type-page","status-publish","hentry"],"acf":{"inhaltselemente":[{"acf_fc_layout":"text_element","text_element_titel":"Wimmeln im Kindergarten","text_element_titel_typ":"2","text_element_titel_size":"","text_element_titel_fake":false,"text_element_titel_icon":"","text_element_content":"<img class=\"aligncenter wp-image-3263 size-large\" src=\"https:\/\/www.lehrmittelverlag.ch\/cms\/wp-content\/uploads\/2024\/05\/Infografik_Bilder-Suchbuch-1024x512.jpg\" alt=\"\" width=\"1024\" height=\"512\" \/>\r\n\r\nDas Suchbuch gibt es bald auch f\u00fcr den Kindergarten. Ende Juni 2024 erscheint ein Bilderbuch mit einer stufengerechten Auswahl der beliebten Wimmelbilder. Unsere Produktmanagerin Bettina K\u00e4lin berichtet, wie das Bilderbuch zum Suchen, H\u00f6ren und Entdecken anregt.\r\n\r\n<strong>Was ist das \u00abBilder-Suchbuch\u00bb?\r\n<\/strong><i>Bettina K\u00e4lin: <\/i>Das Hardcover-Bilderbuch f\u00fcr Kinder ab vier Jahren enth\u00e4lt zw\u00f6lf Wimmelbilder von Illustratorin Doris Lecher, die den meisten bereits aus dem Sch\u00fclerheft bekannt sind. Das Autorenteam hat jene Wimmelbilder ausgew\u00e4hlt, die der Lebenswelt von Kindergartenkindern entsprechen. So erweitert das Bilderbuch das Angebot des Suchbuchs auf den gesamten 1. Zyklus.\r\n\r\n<strong>Warum ist das neue Bilderbuch entstanden?\r\n<\/strong>Als Sch\u00fclerheft mit Satz\u00fcbungen ist das Suchbuch auf die 1. und 2. Klasse ausgerichtet. Wir haben dazu einige R\u00fcckmeldungen von Lehrpersonen erhalten, dass sie die Wimmelbilder bereits im Kindergarten einsetzen. Um ihnen eine altersgerechte Alternative zu bieten, ist das Bilderbuch im hochwertigen Hardcover-Format entstanden.\r\n\r\n<strong>Was ist neu und anders?\r\n<\/strong>Wie beim Sch\u00fclerheft ist auch dem Bilderbuch ein soundolino-Stickerbogen f\u00fcr Tiptoi<sup>\u00ae<\/sup>-Stifte beigelegt. Zu jedem der zw\u00f6lf Wimmelbilder gibt es vier H\u00f6rgeschichten in vereinfachter Sprache und neu auch einen <strong>Ger\u00e4usche-Sticker<\/strong>, der zum Suchen und Entdecken anregt. Aufgrund von R\u00fcckmeldungen wissen wir, dass die Tonaufnahmen in vereinfachter Sprache gerade f\u00fcr DaZ-Sch\u00fclerinnen und DaZ-Sch\u00fcler sehr schnell gesprochen sind. F\u00fcr das Bilderbuch haben wir sie verlangsamt und passen in einem weiteren Schritt auch die Aufnahmen des Sch\u00fclerhefts an. Sobald es so weit ist, erfahren Sie es in unserem Newsletter.\r\n\r\n<strong>Wie kann man das Bilderbuch im Kindergarten nutzen?<\/strong><em>\r\n<\/em>Bilderb\u00fccher sind vielf\u00e4ltig einsetzbar. Zum gemeinsamen Einstieg im Stuhlkreis oder als Spielangebot in der Leseecke eignet sich das Bilder-Suchbuch mit den H\u00f6rgeschichten besonders. Mit dem H\u00f6rstift k\u00f6nnen sich Kinder selbstst\u00e4ndig auf die Suche nach den Elementen aus den H\u00f6rgeschichten machen, ausserdem gibt es viele wiederkehrende Figuren, ein Schnurr\u00e4tsel im Inhaltsverzeichnis und schon das eine oder andere Wort zu entdecken. Falls m\u00f6glich, k\u00f6nnen Kinder das Bilder-Suchbuch mit einem H\u00f6rstift auch ausleihen und zu Hause im eigenen Tempo weiter wimmeln.\r\n\r\n<strong>Bauen das Bilder-Suchbuch und das Sch\u00fclerheft in der 1. und 2. Klasse aufeinander auf?\r\n<\/strong>Beide Produkte lassen sich unabh\u00e4ngig voneinander im Unterricht einsetzen. Zuerst war ich skeptisch, ob die zw\u00f6lf Wimmelbilder im Bilder-Suchbuch allenfalls die Inhalte aus dem Sch\u00fclerheft vorwegnehmen. Diese Zweifel erwiesen sich als absolut unbegr\u00fcndet, denn der Ansatz ist beim Bilder-Suchbuch ein anderer: Es geht dabei st\u00e4rker ums Wimmelspiel und das erste Entdecken von Bildern und Geschichten. Darauf kann das Sch\u00fclerheft wunderbar aufbauen. Denn wenn das Wimmelbild schon bekannt ist, erleichtert dies das W\u00f6rterlernen und S\u00e4tzeschreiben. Und da das Sch\u00fclerheft die Standard-H\u00f6rgeschichten enth\u00e4lt, steigt auch der sprachliche Anspruch an die Geschichten. Es gibt also immer noch viel zu entdecken!\r\n\r\nDas Bilder-Suchbuch f\u00fcr Kinder ab 4 Jahren erscheint Ende Juni 2024.\r\n\r\n&nbsp;","text_element_bgcolor":false,"text_element_text_size":"default"},{"acf_fc_layout":"text_img_element","text_element_titel":"Bilder-Suchbuch","text_element_titel_typ":"3","text_element_titel_size":"","text_element_titel_fake":false,"text_element_content":"<p class=\"paragraph-noserif\"><strong>Deutsch \/ DaZ<\/strong>\r\n<strong>Kindergarten<\/strong><\/p>\r\nKinder ab vier Jahren f\u00fchrt das Bilderbuch \u00abBilder-Suchbuch\u00bb mit zw\u00f6lf altersgerechten und alltagsnahen Wimmelbildern an W\u00f6rter und Geschichten heran.\r\n\r\n<a class=\"btn-arrow\" href=\"https:\/\/www.lehrmittelverlag.ch\/suchbuch-bilderbuch-ab-4-jahren\/1061500\" target=\"_blank\" rel=\"noopener\">Zum Shop<\/a>","image_element_image_element_image":3269,"image_element_image_element_lightbox":false,"events_element_type_category_events_element_type_category":[],"events_element_topic_category_events_element_topic_category":[],"events_element_amount_events_element_amount":"","text_element_text_size":"default","text_img_element_spaltenbreite":"default","text_img_element_orientation":"default","text_img_element_bgcolor":true},{"acf_fc_layout":"text_element","text_element_titel":"","text_element_titel_typ":"2","text_element_titel_size":"","text_element_titel_fake":false,"text_element_titel_icon":"","text_element_content":"<img class=\"alignnone size-full wp-image-1786\" src=\"https:\/\/www.lehrmittelverlag.ch\/cms\/wp-content\/uploads\/2023\/02\/Bettina-Kaelin_25x25.png\" alt=\"\" width=\"295\" height=\"295\" \/>\r\n\r\nBettina K\u00e4lin, Produktmanagerin LMVSG\r\nSchreiben Sie mir! Ich freue mich auf Ihre R\u00fcckmeldungen an bettina.kaelin@sg.ch.","text_element_bgcolor":false,"text_element_text_size":"default"}]},"yoast_head":"<!-- This site is optimized with the Yoast SEO plugin v27.4 - https:\/\/yoast.com\/product\/yoast-seo-wordpress\/ -->\n<title>Interview zum neuen Bilder-Suchbuch - Lehrmittelverlag St. Gallen<\/title>\n<meta name=\"description\" content=\"Das Bilder-Suchbuch f\u00fcr Kinder ab 4 Jahren regt zum altersgerechten Suchen, H\u00f6ren und Entdecken an.\" \/>\n<meta name=\"robots\" content=\"index, follow, max-snippet:-1, max-image-preview:large, max-video-preview:-1\" \/>\n<link rel=\"canonical\" href=\"https:\/\/www.lehrmittelverlag.ch\/\" \/>\n<meta property=\"og:locale\" content=\"de_DE\" \/>\n<meta property=\"og:type\" content=\"article\" \/>\n<meta property=\"og:title\" content=\"Interview zum neuen Bilder-Suchbuch - Lehrmittelverlag St. Gallen\" \/>\n<meta property=\"og:description\" content=\"Das Bilder-Suchbuch f\u00fcr Kinder ab 4 Jahren regt zum altersgerechten Suchen, H\u00f6ren und Entdecken an.\" \/>\n<meta property=\"og:url\" content=\"\/\" \/>\n<meta property=\"og:site_name\" content=\"Lehrmittelverlag St. Gallen\" \/>\n<meta property=\"article:publisher\" content=\"https:\/\/www.facebook.com\/LehrmittelverlagSG\/\" \/>\n<meta property=\"article:modified_time\" content=\"2024-05-15T09:52:08+00:00\" \/>\n<meta property=\"og:image\" content=\"https:\/\/www.lehrmittelverlag.ch\/cms\/wp-content\/uploads\/2022\/11\/og-image-lmvsg.png\" \/>\n\t<meta property=\"og:image:width\" content=\"1200\" \/>\n\t<meta property=\"og:image:height\" content=\"630\" \/>\n\t<meta property=\"og:image:type\" content=\"image\/png\" \/>\n<meta name=\"twitter:card\" content=\"summary_large_image\" \/>\n<meta name=\"twitter:site\" content=\"@Lehrmittel_SG\" \/>\n<meta name=\"twitter:label1\" content=\"Gesch\u00e4tzte Lesezeit\" \/>\n\t<meta name=\"twitter:data1\" content=\"4\u00a0Minuten\" \/>\n<script type=\"application\/ld+json\" class=\"yoast-schema-graph\">{\"@context\":\"https:\\\/\\\/schema.org\",\"@graph\":[{\"@type\":\"WebPage\",\"@id\":\"\\\/\",\"url\":\"https:\\\/\\\/www.lehrmittelverlag.ch\\\/\",\"name\":\"Interview zum neuen Bilder-Suchbuch - Lehrmittelverlag St. Gallen\",\"isPartOf\":{\"@id\":\"https:\\\/\\\/www.lehrmittelverlag.ch\\\/cms\\\/#website\"},\"datePublished\":\"2024-05-13T12:54:00+00:00\",\"dateModified\":\"2024-05-15T09:52:08+00:00\",\"description\":\"Das Bilder-Suchbuch f\u00fcr Kinder ab 4 Jahren regt zum altersgerechten Suchen, H\u00f6ren und Entdecken an.\",\"breadcrumb\":{\"@id\":\"https:\\\/\\\/www.lehrmittelverlag.ch\\\/#breadcrumb\"},\"inLanguage\":\"de-CH\",\"potentialAction\":[{\"@type\":\"ReadAction\",\"target\":[\"https:\\\/\\\/www.lehrmittelverlag.ch\\\/\"]}]},{\"@type\":\"BreadcrumbList\",\"@id\":\"https:\\\/\\\/www.lehrmittelverlag.ch\\\/#breadcrumb\",\"itemListElement\":[{\"@type\":\"ListItem\",\"position\":1,\"name\":\"Shop\",\"item\":\"\\\/\"},{\"@type\":\"ListItem\",\"position\":2,\"name\":\"Newsletter\",\"item\":\"https:\\\/\\\/www.lehrmittelverlag.ch\\\/cms\\\/newsletter\\\/\"},{\"@type\":\"ListItem\",\"position\":3,\"name\":\"Interview zum neuen Bilder-Suchbuch\"}]},{\"@type\":\"WebSite\",\"@id\":\"https:\\\/\\\/www.lehrmittelverlag.ch\\\/cms\\\/#website\",\"url\":\"https:\\\/\\\/www.lehrmittelverlag.ch\\\/cms\\\/\",\"name\":\"Lehrmittelverlag St. Gallen\",\"description\":\"\",\"publisher\":{\"@id\":\"https:\\\/\\\/www.lehrmittelverlag.ch\\\/cms\\\/#organization\"},\"potentialAction\":[{\"@type\":\"SearchAction\",\"target\":{\"@type\":\"EntryPoint\",\"urlTemplate\":\"https:\\\/\\\/www.lehrmittelverlag.ch\\\/cms\\\/?s={search_term_string}\"},\"query-input\":{\"@type\":\"PropertyValueSpecification\",\"valueRequired\":true,\"valueName\":\"search_term_string\"}}],\"inLanguage\":\"de-CH\"},{\"@type\":\"Organization\",\"@id\":\"https:\\\/\\\/www.lehrmittelverlag.ch\\\/cms\\\/#organization\",\"name\":\"Lehrmittelverlag St. Gallen\",\"url\":\"https:\\\/\\\/www.lehrmittelverlag.ch\\\/cms\\\/\",\"logo\":{\"@type\":\"ImageObject\",\"inLanguage\":\"de-CH\",\"@id\":\"https:\\\/\\\/www.lehrmittelverlag.ch\\\/cms\\\/#\\\/schema\\\/logo\\\/image\\\/\",\"url\":\"https:\\\/\\\/www.lehrmittelverlag.ch\\\/cms\\\/wp-content\\\/uploads\\\/2022\\\/11\\\/logo-lmvsg.png\",\"contentUrl\":\"https:\\\/\\\/www.lehrmittelverlag.ch\\\/cms\\\/wp-content\\\/uploads\\\/2022\\\/11\\\/logo-lmvsg.png\",\"width\":899,\"height\":349,\"caption\":\"Lehrmittelverlag St. Gallen\"},\"image\":{\"@id\":\"https:\\\/\\\/www.lehrmittelverlag.ch\\\/cms\\\/#\\\/schema\\\/logo\\\/image\\\/\"},\"sameAs\":[\"https:\\\/\\\/www.facebook.com\\\/LehrmittelverlagSG\\\/\",\"https:\\\/\\\/x.com\\\/Lehrmittel_SG\"]}]}<\/script>\n<!-- \/ Yoast SEO plugin. -->","yoast_head_json":{"title":"Interview zum neuen Bilder-Suchbuch - Lehrmittelverlag St. Gallen","description":"Das Bilder-Suchbuch f\u00fcr Kinder ab 4 Jahren regt zum altersgerechten Suchen, H\u00f6ren und Entdecken an.","robots":{"index":"index","follow":"follow","max-snippet":"max-snippet:-1","max-image-preview":"max-image-preview:large","max-video-preview":"max-video-preview:-1"},"canonical":"https:\/\/www.lehrmittelverlag.ch\/","og_locale":"de_DE","og_type":"article","og_title":"Interview zum neuen Bilder-Suchbuch - Lehrmittelverlag St. Gallen","og_description":"Das Bilder-Suchbuch f\u00fcr Kinder ab 4 Jahren regt zum altersgerechten Suchen, H\u00f6ren und Entdecken an.","og_url":"\/","og_site_name":"Lehrmittelverlag St. Gallen","article_publisher":"https:\/\/www.facebook.com\/LehrmittelverlagSG\/","article_modified_time":"2024-05-15T09:52:08+00:00","og_image":[{"width":1200,"height":630,"url":"https:\/\/www.lehrmittelverlag.ch\/cms\/wp-content\/uploads\/2022\/11\/og-image-lmvsg.png","type":"image\/png"}],"twitter_card":"summary_large_image","twitter_site":"@Lehrmittel_SG","twitter_misc":{"Gesch\u00e4tzte Lesezeit":"4\u00a0Minuten"},"schema":{"@context":"https:\/\/schema.org","@graph":[{"@type":"WebPage","@id":"\/","url":"https:\/\/www.lehrmittelverlag.ch\/","name":"Interview zum neuen Bilder-Suchbuch - Lehrmittelverlag St. Gallen","isPartOf":{"@id":"https:\/\/www.lehrmittelverlag.ch\/cms\/#website"},"datePublished":"2024-05-13T12:54:00+00:00","dateModified":"2024-05-15T09:52:08+00:00","description":"Das Bilder-Suchbuch f\u00fcr Kinder ab 4 Jahren regt zum altersgerechten Suchen, H\u00f6ren und Entdecken an.","breadcrumb":{"@id":"https:\/\/www.lehrmittelverlag.ch\/#breadcrumb"},"inLanguage":"de-CH","potentialAction":[{"@type":"ReadAction","target":["https:\/\/www.lehrmittelverlag.ch\/"]}]},{"@type":"BreadcrumbList","@id":"https:\/\/www.lehrmittelverlag.ch\/#breadcrumb","itemListElement":[{"@type":"ListItem","position":1,"name":"Shop","item":"\/"},{"@type":"ListItem","position":2,"name":"Newsletter","item":"https:\/\/www.lehrmittelverlag.ch\/cms\/newsletter\/"},{"@type":"ListItem","position":3,"name":"Interview zum neuen Bilder-Suchbuch"}]},{"@type":"WebSite","@id":"https:\/\/www.lehrmittelverlag.ch\/cms\/#website","url":"https:\/\/www.lehrmittelverlag.ch\/cms\/","name":"Lehrmittelverlag St. Gallen","description":"","publisher":{"@id":"https:\/\/www.lehrmittelverlag.ch\/cms\/#organization"},"potentialAction":[{"@type":"SearchAction","target":{"@type":"EntryPoint","urlTemplate":"https:\/\/www.lehrmittelverlag.ch\/cms\/?s={search_term_string}"},"query-input":{"@type":"PropertyValueSpecification","valueRequired":true,"valueName":"search_term_string"}}],"inLanguage":"de-CH"},{"@type":"Organization","@id":"https:\/\/www.lehrmittelverlag.ch\/cms\/#organization","name":"Lehrmittelverlag St. Gallen","url":"https:\/\/www.lehrmittelverlag.ch\/cms\/","logo":{"@type":"ImageObject","inLanguage":"de-CH","@id":"https:\/\/www.lehrmittelverlag.ch\/cms\/#\/schema\/logo\/image\/","url":"https:\/\/www.lehrmittelverlag.ch\/cms\/wp-content\/uploads\/2022\/11\/logo-lmvsg.png","contentUrl":"https:\/\/www.lehrmittelverlag.ch\/cms\/wp-content\/uploads\/2022\/11\/logo-lmvsg.png","width":899,"height":349,"caption":"Lehrmittelverlag St. Gallen"},"image":{"@id":"https:\/\/www.lehrmittelverlag.ch\/cms\/#\/schema\/logo\/image\/"},"sameAs":["https:\/\/www.facebook.com\/LehrmittelverlagSG\/","https:\/\/x.com\/Lehrmittel_SG"]}]}},"_links":{"self":[{"href":"https:\/\/www.lehrmittelverlag.ch\/cms\/wp-json\/wp\/v2\/pages\/3259","targetHints":{"allow":["GET"]}}],"collection":[{"href":"https:\/\/www.lehrmittelverlag.ch\/cms\/wp-json\/wp\/v2\/pages"}],"about":[{"href":"https:\/\/www.lehrmittelverlag.ch\/cms\/wp-json\/wp\/v2\/types\/page"}],"author":[{"embeddable":true,"href":"https:\/\/www.lehrmittelverlag.ch\/cms\/wp-json\/wp\/v2\/users\/4"}],"replies":[{"embeddable":true,"href":"https:\/\/www.lehrmittelverlag.ch\/cms\/wp-json\/wp\/v2\/comments?post=3259"}],"version-history":[{"count":10,"href":"https:\/\/www.lehrmittelverlag.ch\/cms\/wp-json\/wp\/v2\/pages\/3259\/revisions"}],"predecessor-version":[{"id":3278,"href":"https:\/\/www.lehrmittelverlag.ch\/cms\/wp-json\/wp\/v2\/pages\/3259\/revisions\/3278"}],"up":[{"embeddable":true,"href":"https:\/\/www.lehrmittelverlag.ch\/cms\/wp-json\/wp\/v2\/pages\/243"}],"wp:attachment":[{"href":"https:\/\/www.lehrmittelverlag.ch\/cms\/wp-json\/wp\/v2\/media?parent=3259"}],"curies":[{"name":"wp","href":"https:\/\/api.w.org\/{rel}","templated":true}]}}